{"id":3773,"date":"2023-07-22T00:16:55","date_gmt":"2023-07-21T23:16:55","guid":{"rendered":"https:\/\/littorelles.org\/?page_id=3773"},"modified":"2023-07-22T00:16:55","modified_gmt":"2023-07-21T23:16:55","slug":"esquelbecq","status":"publish","type":"page","link":"https:\/\/www.littorelles.org\/?page_id=3773","title":{"rendered":"Esquelbecq"},"content":{"rendered":"\n<p>Cette sortie a eu un v\u00e9ritable succ\u00e8s &#8211; le groupe sympathique apr\u00e8s avoir visit\u00e9 Rubrouck et d\u00e9jeun\u00e9 \u00e0 La R\u00e9galade \u00e0 Esquelbecq \u00e9tait ravi de visiter ce ch\u00e2teau d&rsquo;Esquelbecq<\/p>\n\n\n\n<p>Le ch\u00e2teau est l&rsquo;un des monuments les plus repr\u00e9sentatifs de l&rsquo;architecture flamande &#8211; il a conserv\u00e9 son plan m\u00e9di\u00e9val dont l&rsquo;origine remonte au IX\u00e8me si\u00e8cle : un quadrilat\u00e8re \u00e0 8 tours entour\u00e9 de douves avec un imposant donjon perdu dans l&rsquo;\u00e9boulement de 1984<br>Dans la cour d&rsquo;entr\u00e9e, un colombier a \u00e9t\u00e9 r\u00e9serv\u00e9 depuis le XVIIe si\u00e8cle<\/p>\n\n\n\n<p>Nous avons \u00e9t\u00e9 accueillis par Monsieur TRAMER MORAEL, propri\u00e9taire du ch\u00e2teau qui entreprend la r\u00e9novation du domaine en commen\u00e7ant par l&rsquo;aile nord et les toitures . Il nous a longuement racont\u00e9 l&rsquo;historique du ch\u00e2teau, et expliqu\u00e9 les projets de r\u00e9novation, tout en faisant visiter l&rsquo;\u00e9difice en cours de restauration<br>Le jardin semble avoir \u00e9t\u00e9 peu affect\u00e9 par les p\u00e9riodes d&rsquo;abandon et de guerre et il est d\u00e9j\u00e0 de toute beaut\u00e9.<\/p>\n\n\n\n<p>Puis nous sommes all\u00e9s voir les Gigottos, au c\u0153ur du village d&rsquo;Esquelbecq, l\u2019univers de l\u2019artiste Bruno Dehondt est compl\u00e8tement insolite avec ses automates !<\/p>\n\n\n\n<figure class=\"wp-block-gallery has-nested-images columns-default is-cropped wp-block-gallery-1 is-layout-flex wp-block-gallery-is-layout-flex\">\n<figure class=\"wp-block-image size-large\"><a href=\"https:\/\/littorelles.org\/wp-content\/uploads\/2023\/07\/esquelbecq.jpeg\"><img decoding=\"async\" data-id=\"3775\" src=\"https:\/\/littorelles.org\/wp-content\/uploads\/2023\/07\/esquelbecq-1024x683.jpeg\" alt=\"\" class=\"wp-image-3775\"\/><\/a><\/figure>\n\n\n\n<figure class=\"wp-block-image size-large\"><a href=\"https:\/\/littorelles.org\/wp-content\/uploads\/2023\/07\/esquelbecq2.jpg\"><img decoding=\"async\" data-id=\"3779\" src=\"https:\/\/littorelles.org\/wp-content\/uploads\/2023\/07\/esquelbecq2-1024x576.jpg\" alt=\"\" class=\"wp-image-3779\"\/><\/a><\/figure>\n\n\n\n<figure class=\"wp-block-image size-large\"><a href=\"https:\/\/littorelles.org\/wp-content\/uploads\/2023\/07\/esquelbecq4.jpg\"><img decoding=\"async\" data-id=\"3774\" src=\"https:\/\/littorelles.org\/wp-content\/uploads\/2023\/07\/esquelbecq4-1024x576.jpg\" alt=\"\" class=\"wp-image-3774\"\/><\/a><\/figure>\n\n\n\n<figure class=\"wp-block-image size-large\"><a href=\"https:\/\/littorelles.org\/wp-content\/uploads\/2023\/07\/IMG_5295-rotated.jpg\"><img decoding=\"async\" data-id=\"3776\" src=\"https:\/\/littorelles.org\/wp-content\/uploads\/2023\/07\/IMG_5295-rotated.jpg\" alt=\"\" class=\"wp-image-3776\"\/><\/a><\/figure>\n\n\n\n<figure class=\"wp-block-image size-large\"><a href=\"https:\/\/littorelles.org\/wp-content\/uploads\/2023\/07\/IMG_5301-rotated.jpg\"><img decoding=\"async\" data-id=\"3777\" src=\"https:\/\/littorelles.org\/wp-content\/uploads\/2023\/07\/IMG_5301-rotated.jpg\" alt=\"\" class=\"wp-image-3777\"\/><\/a><\/figure>\n\n\n\n<figure class=\"wp-block-image size-large\"><a href=\"https:\/\/littorelles.org\/wp-content\/uploads\/2023\/07\/IMG_5331-rotated.jpg\"><img decoding=\"async\" data-id=\"3778\" src=\"https:\/\/littorelles.org\/wp-content\/uploads\/2023\/07\/IMG_5331-rotated.jpg\" alt=\"\" class=\"wp-image-3778\"\/><\/a><\/figure>\n\n\n\n<figure class=\"wp-block-image size-large\"><a href=\"https:\/\/littorelles.org\/wp-content\/uploads\/2023\/07\/IMG_5348.jpg\"><img decoding=\"async\" data-id=\"3780\" src=\"https:\/\/littorelles.org\/wp-content\/uploads\/2023\/07\/IMG_5348.jpg\" alt=\"\" class=\"wp-image-3780\"\/><\/a><\/figure>\n\n\n\n<figure class=\"wp-block-image size-large\"><a href=\"https:\/\/littorelles.org\/wp-content\/uploads\/2023\/07\/IMG_5355.jpg\"><img decoding=\"async\" data-id=\"3781\" src=\"https:\/\/littorelles.org\/wp-content\/uploads\/2023\/07\/IMG_5355.jpg\" alt=\"\" class=\"wp-image-3781\"\/><\/a><\/figure>\n\n\n\n<figure class=\"wp-block-image size-large\"><a href=\"https:\/\/littorelles.org\/wp-content\/uploads\/2023\/07\/IMG_5376-rotated.jpg\"><img decoding=\"async\" data-id=\"3782\" src=\"https:\/\/littorelles.org\/wp-content\/uploads\/2023\/07\/IMG_5376-rotated.jpg\" alt=\"\" class=\"wp-image-3782\"\/><\/a><\/figure>\n\n\n\n<figure class=\"wp-block-image size-large\"><a href=\"https:\/\/littorelles.org\/wp-content\/uploads\/2023\/07\/IMG_5383.jpg\"><img decoding=\"async\" data-id=\"3783\" src=\"https:\/\/littorelles.org\/wp-content\/uploads\/2023\/07\/IMG_5383.jpg\" alt=\"\" class=\"wp-image-3783\"\/><\/a><\/figure>\n\n\n\n<figure class=\"wp-block-image size-large\"><a href=\"https:\/\/littorelles.org\/wp-content\/uploads\/2023\/07\/IMG_5428-rotated.jpg\"><img decoding=\"async\" data-id=\"3784\" src=\"https:\/\/littorelles.org\/wp-content\/uploads\/2023\/07\/IMG_5428-rotated.jpg\" alt=\"\" class=\"wp-image-3784\"\/><\/a><\/figure>\n\n\n\n<figure class=\"wp-block-image size-large\"><a href=\"https:\/\/littorelles.org\/wp-content\/uploads\/2023\/07\/IMG_5430.jpg\"><img decoding=\"async\" data-id=\"3785\" src=\"https:\/\/littorelles.org\/wp-content\/uploads\/2023\/07\/IMG_5430.jpg\" alt=\"\" class=\"wp-image-3785\"\/><\/a><\/figure>\n<\/figure>\n","protected":false},"excerpt":{"rendered":"<p>Cette sortie a eu un v\u00e9ritable succ\u00e8s &#8211; le groupe sympathique apr\u00e8s avoir visit\u00e9 Rubrouck et d\u00e9jeun\u00e9 \u00e0 La R\u00e9galade \u00e0 Esquelbecq \u00e9tait ravi de visiter ce ch\u00e2teau d&rsquo;Esquelbecq Le ch\u00e2teau est l&rsquo;un des monuments les plus repr\u00e9sentatifs de l&rsquo;architecture flamande &#8211; il a conserv\u00e9 son plan m\u00e9di\u00e9val dont l&rsquo;origine remonte au IX\u00e8me si\u00e8cle : &hellip; <a href=\"https:\/\/www.littorelles.org\/?page_id=3773\" class=\"more-link\">Continuer la lecture de <span class=\"screen-reader-text\">Esquelbecq<\/span> <span class=\"meta-nav\">&rarr;<\/span><\/a><\/p>\n","protected":false},"author":1,"featured_media":0,"parent":3766,"menu_order":0,"comment_status":"closed","ping_status":"closed","template":"","meta":{"ngg_post_thumbnail":0,"footnotes":""},"class_list":["post-3773","page","type-page","status-publish","hentry"],"_links":{"self":[{"href":"https:\/\/www.littorelles.org\/index.php?rest_route=\/wp\/v2\/pages\/3773","targetHints":{"allow":["GET"]}}],"collection":[{"href":"https:\/\/www.littorelles.org\/index.php?rest_route=\/wp\/v2\/pages"}],"about":[{"href":"https:\/\/www.littorelles.org\/index.php?rest_route=\/wp\/v2\/types\/page"}],"author":[{"embeddable":true,"href":"https:\/\/www.littorelles.org\/index.php?rest_route=\/wp\/v2\/users\/1"}],"replies":[{"embeddable":true,"href":"https:\/\/www.littorelles.org\/index.php?rest_route=%2Fwp%2Fv2%2Fcomments&post=3773"}],"version-history":[{"count":0,"href":"https:\/\/www.littorelles.org\/index.php?rest_route=\/wp\/v2\/pages\/3773\/revisions"}],"up":[{"embeddable":true,"href":"https:\/\/www.littorelles.org\/index.php?rest_route=\/wp\/v2\/pages\/3766"}],"wp:attachment":[{"href":"https:\/\/www.littorelles.org\/index.php?rest_route=%2Fwp%2Fv2%2Fmedia&parent=3773"}],"curies":[{"name":"wp","href":"https:\/\/api.w.org\/{rel}","templated":true}]}}